{"id":33,"date":"2019-06-10T09:43:14","date_gmt":"2019-06-10T09:43:14","guid":{"rendered":"http:\/\/aikido-ingelheim.de\/?page_id=33"},"modified":"2019-06-13T20:25:02","modified_gmt":"2019-06-13T20:25:02","slug":"annette-kompa-3-dan-aikido","status":"publish","type":"page","link":"http:\/\/aikido-ingelheim.de\/?page_id=33","title":{"rendered":"Annette Kompa, 3. Dan Aikido"},"content":{"rendered":"\n<div class=\"wp-block-image\"><figure class=\"alignleft\"><img loading=\"lazy\" decoding=\"async\" width=\"162\" height=\"250\" src=\"http:\/\/aikido-ingelheim.de\/wp-content\/uploads\/2019\/06\/Trainerportr\u00e4t-Annette-002-1.png\" alt=\"\" class=\"wp-image-35\"\/><\/figure><\/div>\n\n\n\n<p>Seit \u00fcber 20 Jahren \u00fcbe ich mit gro\u00dfer Freude Aikido. Angefangen habe  ich Mitte der 1990er in Mainz im Uni-Sport, habe dann in Mainz-Finthen  trainiert, bevor es mich beruflich nach D\u00fcsseldorf gezogen hat, wo ich  viele Jahre bei Katsuaki Asai-Shihan (8. Dan) ge\u00fcbt habe. Als mich ein  neuer Job nach Frankfurt f\u00fchrte, entdeckte ich das Aikido-Dojo Darmstadt  mit Anita K\u00f6hler (6. Dan) f\u00fcr mich. Hier begann ich auch, mit gro\u00dfer  Leidenschaft Kinder zu unterrichten. Nach dem Tod meiner Lehrerin bin  ich f\u00fcr ein halbes Jahr nach Kalifornien gegangen und habe im Dojo von  Pat Hendricks Shihan (7. Dan) als Uchi deshi gelebt und gelernt. In  dieser Zeit wuchs der Wunsch, ein eigenes Dojo zu gr\u00fcnden und damit  einen neuen Schritt auf meinem Aikido-Weg zu wagen. <\/p>\n","protected":false},"excerpt":{"rendered":"<p>Seit \u00fcber 20 Jahren \u00fcbe ich mit gro\u00dfer Freude Aikido. Angefangen habe ich Mitte der 1990er in Mainz im Uni-Sport, habe dann in Mainz-Finthen trainiert, bevor es mich beruflich nach D\u00fcsseldorf gezogen hat, wo ich viele Jahre bei Katsuaki Asai-Shihan (8. Dan) ge\u00fcbt habe. Als mich ein neuer Job nach Frankfurt f\u00fchrte, entdeckte ich das &hellip; <\/p>\n<p class=\"link-more\"><a href=\"http:\/\/aikido-ingelheim.de\/?page_id=33\" class=\"more-link\"><span class=\"screen-reader-text\">\u201eAnnette Kompa, 3. Dan Aikido\u201c <\/span>weiterlesen<\/a><\/p>\n","protected":false},"author":1,"featured_media":0,"parent":0,"menu_order":0,"comment_status":"closed","ping_status":"closed","template":"","meta":{"footnotes":""},"class_list":["post-33","page","type-page","status-publish","hentry"],"_links":{"self":[{"href":"http:\/\/aikido-ingelheim.de\/index.php?rest_route=\/wp\/v2\/pages\/33","targetHints":{"allow":["GET"]}}],"collection":[{"href":"http:\/\/aikido-ingelheim.de\/index.php?rest_route=\/wp\/v2\/pages"}],"about":[{"href":"http:\/\/aikido-ingelheim.de\/index.php?rest_route=\/wp\/v2\/types\/page"}],"author":[{"embeddable":true,"href":"http:\/\/aikido-ingelheim.de\/index.php?rest_route=\/wp\/v2\/users\/1"}],"replies":[{"embeddable":true,"href":"http:\/\/aikido-ingelheim.de\/index.php?rest_route=%2Fwp%2Fv2%2Fcomments&post=33"}],"version-history":[{"count":5,"href":"http:\/\/aikido-ingelheim.de\/index.php?rest_route=\/wp\/v2\/pages\/33\/revisions"}],"predecessor-version":[{"id":58,"href":"http:\/\/aikido-ingelheim.de\/index.php?rest_route=\/wp\/v2\/pages\/33\/revisions\/58"}],"wp:attachment":[{"href":"http:\/\/aikido-ingelheim.de\/index.php?rest_route=%2Fwp%2Fv2%2Fmedia&parent=33"}],"curies":[{"name":"wp","href":"https:\/\/api.w.org\/{rel}","templated":true}]}}